{"id":28258,"date":"2026-09-02T14:22:02","date_gmt":"2026-09-02T14:22:02","guid":{"rendered":"https:\/\/buritama.sp.gov.br\/?page_id=28258"},"modified":"2026-09-02T17:08:35","modified_gmt":"2026-09-02T17:08:35","slug":"plano-de-contratacao-anual","status":"publish","type":"page","link":"https:\/\/buritama.sp.gov.br\/?page_id=28258","title":{"rendered":"Plano de Contrata\u00e7\u00e3o Anual"},"content":{"rendered":"\t\t<div data-elementor-type=\"wp-page\" data-elementor-id=\"28258\" class=\"elementor elementor-28258\" data-elementor-post-type=\"page\">\n\t\t\t\t<div class=\"elementor-element elementor-element-65cf7a18 e-flex e-con-boxed e-con e-parent\" data-id=\"65cf7a18\" data-element_type=\"container\" data-e-type=\"container\">\n\t\t\t\t\t<div class=\"e-con-inner\">\n\t\t\t\t<div class=\"elementor-element elementor-element-2624a26 elementor-widget elementor-widget-button\" data-id=\"2624a26\" data-element_type=\"widget\" data-e-type=\"widget\" data-widget_type=\"button.default\">\n\t\t\t\t\t\t\t\t\t\t<a class=\"elementor-button elementor-button-link elementor-size-sm\" href=\"https:\/\/buritama.sp.gov.br\">\n\t\t\t\t\t\t<span class=\"elementor-button-content-wrapper\">\n\t\t\t\t\t\t<span class=\"elementor-button-icon\">\n\t\t\t\t<svg aria-hidden=\"true\" class=\"e-font-icon-svg e-fas-arrow-left\" viewBox=\"0 0 448 512\" xmlns=\"http:\/\/www.w3.org\/2000\/svg\"><path d=\"M257.5 445.1l-22.2 22.2c-9.4 9.4-24.6 9.4-33.9 0L7 273c-9.4-9.4-9.4-24.6 0-33.9L201.4 44.7c9.4-9.4 24.6-9.4 33.9 0l22.2 22.2c9.5 9.5 9.3 25-.4 34.3L136.6 216H424c13.3 0 24 10.7 24 24v32c0 13.3-10.7 24-24 24H136.6l120.5 114.8c9.8 9.3 10 24.8.4 34.3z\"><\/path><\/svg>\t\t\t<\/span>\n\t\t\t\t\t\t\t\t\t<span class=\"elementor-button-text\">Voltar<\/span>\n\t\t\t\t\t<\/span>\n\t\t\t\t\t<\/a>\n\t\t\t\t\t\t\t\t<\/div>\n\t\t\t\t\t<\/div>\n\t\t\t\t<\/div>\n\t\t<div class=\"elementor-element elementor-element-59fb168 e-flex e-con-boxed e-con e-parent\" data-id=\"59fb168\" data-element_type=\"container\" data-e-type=\"container\">\n\t\t\t\t\t<div class=\"e-con-inner\">\n\t\t\t\t<div class=\"elementor-element elementor-element-26f9c82c elementor-widget elementor-widget-heading\" data-id=\"26f9c82c\" data-element_type=\"widget\" data-e-type=\"widget\" data-widget_type=\"heading.default\">\n\t\t\t\t\t<h5 class=\"elementor-heading-title elementor-size-default\">Acesso R\u00e1pido<\/h5>\t\t\t\t<\/div>\n\t\t\t\t\t<\/div>\n\t\t\t\t<\/div>\n\t\t<div class=\"elementor-element elementor-element-6c402eb4 e-flex e-con-boxed e-con e-parent\" data-id=\"6c402eb4\" data-element_type=\"container\" data-e-type=\"container\">\n\t\t\t\t\t<div class=\"e-con-inner\">\n\t\t\t\t<div class=\"elementor-element elementor-element-d452258 elementor-widget-divider--view-line elementor-widget elementor-widget-divider\" data-id=\"d452258\" data-element_type=\"widget\" data-e-type=\"widget\" data-widget_type=\"divider.default\">\n\t\t\t\t\t\t\t<div class=\"elementor-divider\">\n\t\t\t<span class=\"elementor-divider-separator\">\n\t\t\t\t\t\t<\/span>\n\t\t<\/div>\n\t\t\t\t\t\t<\/div>\n\t\t\t\t\t<\/div>\n\t\t\t\t<\/div>\n\t\t<div class=\"elementor-element elementor-element-296a7b88 e-flex e-con-boxed e-con e-parent\" data-id=\"296a7b88\" data-element_type=\"container\" data-e-type=\"container\">\n\t\t\t\t\t<div class=\"e-con-inner\">\n\t\t\t\t<div class=\"elementor-element elementor-element-6564baf elementor-widget elementor-widget-heading\" data-id=\"6564baf\" data-element_type=\"widget\" data-e-type=\"widget\" data-widget_type=\"heading.default\">\n\t\t\t\t\t<h2 class=\"elementor-heading-title elementor-size-default\">PLANO DE CONTRATA\u00c7\u00c3O ANUAL<\/h2>\t\t\t\t<\/div>\n\t\t<div class=\"elementor-element elementor-element-52ee144 e-con-full e-flex e-con e-child\" data-id=\"52ee144\" data-element_type=\"container\" data-e-type=\"container\">\n\t\t\t\t<div class=\"elementor-element elementor-element-f31e430 elementor-widget elementor-widget-text-editor\" data-id=\"f31e430\" data-element_type=\"widget\" data-e-type=\"widget\" data-widget_type=\"text-editor.default\">\n\t\t\t\t\t\t\t\t\t<section class=\"elementor-section elementor-top-section elementor-element elementor-element-9f3e054 elementor-section-boxed elementor-section-height-default elementor-section-height-default wpr-particle-no wpr-jarallax-no wpr-parallax-no wpr-sticky-section-no wpr-column-slider-no wpr-equal-height-no\" data-id=\"9f3e054\" data-element_type=\"section\" data-e-type=\"section\"><div class=\"elementor-container elementor-column-gap-default\"><div class=\"elementor-column elementor-col-100 elementor-top-column elementor-element elementor-element-e94ab1a\" data-id=\"e94ab1a\" data-element_type=\"column\" data-e-type=\"column\"><div class=\"elementor-widget-wrap elementor-element-populated\"><div class=\"elementor-element elementor-element-8e5c736 elementor-widget elementor-widget-heading\" data-id=\"8e5c736\" data-element_type=\"widget\" data-e-type=\"widget\" data-widget_type=\"heading.default\"><h5 class=\"elementor-heading-title elementor-size-default\">\u00a0<\/h5><\/div><\/div><\/div><\/div><\/section><section class=\"elementor-section elementor-top-section elementor-element elementor-element-b07f0c6 elementor-section-boxed elementor-section-height-default elementor-section-height-default wpr-particle-no wpr-jarallax-no wpr-parallax-no wpr-sticky-section-no wpr-column-slider-no wpr-equal-height-no\" data-id=\"b07f0c6\" data-element_type=\"section\" data-e-type=\"section\"><div class=\"elementor-container elementor-column-gap-default\"><div class=\"elementor-column elementor-col-100 elementor-top-column elementor-element elementor-element-bf4d3d0\" data-id=\"bf4d3d0\" data-element_type=\"column\" data-e-type=\"column\"><div class=\"elementor-widget-wrap elementor-element-populated\"><div class=\"elementor-element elementor-element-2be9023 elementor-widget__width-initial wpr-data-table-type-custom wpr-table-align-items-left elementor-widget elementor-widget-wpr-data-table\" data-id=\"2be9023\" data-element_type=\"widget\" data-e-type=\"widget\" data-widget_type=\"wpr-data-table.default\"><div class=\"wpr-table-container\"><div class=\"wpr-table-inner-container ps\" data-table-sorting=\"no\" data-custom-pagination=\"no\" data-row-pagination=\"\" data-entry-info=\"no\" data-rows-per-page=\"\"><table id=\"wpr-data-table\" class=\"wpr-data-table\"><thead><tr class=\"wpr-table-head-row wpr-table-row\"><th class=\"wpr-table-th elementor-repeater-item-bd0f3fa\" colspan=\"1\"><div class=\"\"><span class=\"wpr-table-text\">Data<\/span><\/div><\/th><th class=\"wpr-table-th elementor-repeater-item-7f9e19d\" colspan=\"1\"><div class=\"\"><span class=\"wpr-table-text\">Hora<\/span><\/div><\/th><th class=\"wpr-table-th elementor-repeater-item-4f0ea51\" colspan=\"1\"><div class=\"\"><span class=\"wpr-table-text\">Status<\/span><\/div><\/th><th class=\"wpr-table-th elementor-repeater-item-f1fb598\" colspan=\"1\"><div class=\"\"><span class=\"wpr-table-text\">Descri\u00e7\u00e3o<\/span><\/div><\/th><th class=\"wpr-table-th elementor-repeater-item-42410a5\" colspan=\"1\"><div class=\"\"><span class=\"wpr-table-text\">Arquivo<\/span><\/div><\/th><\/tr><\/thead><tbody><tr class=\"wpr-table-body-row wpr-table-row elementor-repeater-item-2c9a079 wpr-odd\"><td class=\"elementor-repeater-item-2d507ad wpr-table-td\" colspan=\"\" rowspan=\"\"><div class=\"wpr-td-content-wrapper \"><span class=\"wpr-table-text\">09\/01\/2024<\/span><\/div><\/td><td class=\"elementor-repeater-item-a9e0d06 wpr-table-td\" colspan=\"\" rowspan=\"\"><div class=\"wpr-td-content-wrapper \"><span class=\"wpr-table-text\">10:00<\/span><\/div><\/td><td class=\"elementor-repeater-item-697de5d wpr-table-td\" colspan=\"\" rowspan=\"\"><div class=\"wpr-td-content-wrapper \"><span class=\"wpr-table-text\">Vigente<\/span><\/div><\/td><td class=\"elementor-repeater-item-247159c wpr-table-td\" colspan=\"\" rowspan=\"\"><div class=\"wpr-td-content-wrapper \"><a href=\"https:\/\/buritama.sp.gov.br\/wp-content\/uploads\/2026\/09\/PCA-2024-VERSAO-1.pdf\" target=\"_blank\" rel=\"noopener\"><span class=\"wpr-table-text\">Plano de Contrata\u00e7\u00e3o Anual, exerc\u00edcio 2024.<\/span><\/a><\/div><\/td><td class=\"elementor-repeater-item-d3adf71 wpr-table-td\" colspan=\"\" rowspan=\"\"><div class=\"wpr-td-content-wrapper \">\u00a0<a href=\"https:\/\/buritama.sp.gov.br\/wp-content\/uploads\/2026\/09\/PCA-2024-VERSAO-1.pdf\" target=\"_blank\" rel=\"noopener\"><span class=\"wpr-table-text\">Download<\/span><\/a><\/div><\/td><\/tr><\/tbody><\/table><\/div><\/div><\/div><\/div><\/div><\/div><\/section>\t\t\t\t\t\t\t\t<\/div>\n\t\t\t\t<\/div>\n\t\t\t\t\t<\/div>\n\t\t\t\t<\/div>\n\t\t<div class=\"elementor-element elementor-element-5f23a293 e-flex e-con-boxed e-con e-parent\" data-id=\"5f23a293\" data-element_type=\"container\" data-e-type=\"container\">\n\t\t\t\t\t<div class=\"e-con-inner\">\n\t\t\t\t<div class=\"elementor-element elementor-element-47fc7d5c elementor-widget elementor-widget-n-accordion\" data-id=\"47fc7d5c\" data-element_type=\"widget\" data-e-type=\"widget\" data-settings=\"{&quot;_animation&quot;:&quot;none&quot;,&quot;default_state&quot;:&quot;expanded&quot;,&quot;max_items_expended&quot;:&quot;one&quot;,&quot;n_accordion_animation_duration&quot;:{&quot;unit&quot;:&quot;ms&quot;,&quot;size&quot;:400,&quot;sizes&quot;:[]}}\" data-widget_type=\"nested-accordion.default\">\n\t\t\t\t\t\t\t<div class=\"e-n-accordion\" aria-label=\"Accordion. Open links with Enter or Space, close with Escape, and navigate with Arrow Keys\">\n\t\t\t\t\t\t<details id=\"e-n-accordion-item-1200\" class=\"e-n-accordion-item\" open>\n\t\t\t\t<summary class=\"e-n-accordion-item-title\" data-accordion-index=\"1\" tabindex=\"0\" aria-expanded=\"true\" aria-controls=\"e-n-accordion-item-1200\" >\n\t\t\t\t\t<span class='e-n-accordion-item-title-header'><div class=\"e-n-accordion-item-title-text\"> Not\u00edcias <\/div><\/span>\n\t\t\t\t\t\t\t<span class='e-n-accordion-item-title-icon'>\n\t\t\t<span class='e-opened' ><svg aria-hidden=\"true\" class=\"e-font-icon-svg e-fas-minus\" viewBox=\"0 0 448 512\" xmlns=\"http:\/\/www.w3.org\/2000\/svg\"><path d=\"M416 208H32c-17.67 0-32 14.33-32 32v32c0 17.67 14.33 32 32 32h384c17.67 0 32-14.33 32-32v-32c0-17.67-14.33-32-32-32z\"><\/path><\/svg><\/span>\n\t\t\t<span class='e-closed'><svg aria-hidden=\"true\" class=\"e-font-icon-svg e-fas-plus\" viewBox=\"0 0 448 512\" xmlns=\"http:\/\/www.w3.org\/2000\/svg\"><path d=\"M416 208H272V64c0-17.67-14.33-32-32-32h-32c-17.67 0-32 14.33-32 32v144H32c-17.67 0-32 14.33-32 32v32c0 17.67 14.33 32 32 32h144v144c0 17.67 14.33 32 32 32h32c17.67 0 32-14.33 32-32V304h144c17.67 0 32-14.33 32-32v-32c0-17.67-14.33-32-32-32z\"><\/path><\/svg><\/span>\n\t\t<\/span>\n\n\t\t\t\t\t\t<\/summary>\n\t\t\t\t<div role=\"region\" aria-labelledby=\"e-n-accordion-item-1200\" class=\"elementor-element elementor-element-59b9f933 e-con-full e-flex e-con e-child\" data-id=\"59b9f933\" data-element_type=\"container\" data-e-type=\"container\">\n\t\t\t\t<div class=\"elementor-element elementor-element-42d8019c elementor-widget elementor-widget-wesper-list-post\" data-id=\"42d8019c\" data-element_type=\"widget\" data-e-type=\"widget\" data-widget_type=\"wesper-list-post.default\">\n\t\t\t\t<div class=\"elementor-widget-container\">\n\t\t\t\t\t\t\t<div id=\"blockid_42d8019c\" class=\"block-section jl-main-block jl_hide_author jl_hide_desc\" >\t\t\r\n\t\t\t\t\t<div class=\"jl_cw_wrap_f jl_clear_at\">\r\n\t\t\t\t<div class=\"jl_main_list_cw jl_wrap_eb jl_clear_at jl_lm_list\">\r\n\t\t\t\t\t<div class=\"jl-roww jl_contain jl_fli_wrap jl-col-row\">\t\t\t             \r\n\t\t\t\t\t\t\t\t\t\t<div class=\"jl_clist_layout jl_lisep\">\r\n\t\t\t\t\t<div class=\"jl_li_in\">\r\n\t\t\t    \t\t\t        <div class=\"jl_img_holder\">\r\n\t\t\t\t        <div class=\"jl_imgw jl_radus_e\">\r\n\t\t\t\t            <div class=\"jl_imgin\">\r\n\t\t\t\t\t\t\t\t<img fetchpriority=\"high\" decoding=\"async\" width=\"600\" height=\"400\" src=\"https:\/\/buritama.sp.gov.br\/wp-content\/uploads\/2026\/09\/site-20x13.jpg\" class=\"attachment-wesper_list size-wesper_list jl-lazyload lazyload wp-post-image\" alt=\"\" data-src=\"https:\/\/buritama.sp.gov.br\/wp-content\/uploads\/2026\/09\/site-600x400.jpg\" \/>\t\t\t\t\t\t\t<\/div>\r\n\t\t\t\t            \t\t\t\t            \t\t\t\t            <a class=\"jl_imgl\" aria-label=\"Empresas de Buritama podem participar da Miss\u00e3o SP Exporta 2026 no exterior\" href=\"https:\/\/buritama.sp.gov.br\/?p=28251\"><\/a>\r\n\t\t\t\t        <\/div> \r\n\t\t\t        <\/div> \r\n\t\t\t                                \r\n\t\t\t    <div class=\"jl_fe_text\">    \r\n\t\t\t        <span class=\"jl_f_cat jl_lb1\"><a class=\"jl_cat_txt jl_cat36\" href=\"https:\/\/buritama.sp.gov.br\/?cat=36\"><span>Administra\u00e7\u00e3o<\/span><\/a><a class=\"jl_cat_txt jl_cat70\" href=\"https:\/\/buritama.sp.gov.br\/?cat=70\"><span>Desenvolvimento Econ\u00f4mico<\/span><\/a><a class=\"jl_cat_txt jl_cat37\" href=\"https:\/\/buritama.sp.gov.br\/?cat=37\"><span>Destaque<\/span><\/a><a class=\"jl_cat_txt jl_cat117\" href=\"https:\/\/buritama.sp.gov.br\/?cat=117\"><span>Planejamento<\/span><\/a><\/span>\t\t\t        <h3 class=\"jl_fe_title\"><a href=\"https:\/\/buritama.sp.gov.br\/?p=28251\">Empresas de Buritama podem participar da Miss\u00e3o SP Exporta 2026 no exterior<\/a><\/h3>\r\n\t\t\t        <p class=\"jl_fe_des\">Como Munic\u00edpio Global, a cidade incentiva a internacionaliza\u00e7\u00e3o de neg\u00f3cios locais nos mercados do Paraguai e da Col\u00f4mbia. Empresas sediadas em Buritama atuantes... <\/p>\r\n\t\t\t        <span class=\"jl_post_meta\"><span class=\"jl_author_img_w\">By<a href=\"https:\/\/buritama.sp.gov.br\/?author=4\" rel=\"author\">Pedro Comuniccao<\/a><\/span><span class=\"post-date\">setembro 2, 2026<\/span><span class=\"jl_fot_share_i jl_share_l_bg jls_tooltip\"><i class=\"jli-sharethis\"><\/i><span class=\"jls_tooltip_w jls_tooltip-top\"><span class=\"jls_tooltiptext\"><span class=\"jls_tooltip_in\"><div class=\"post_sw\"><div class=\"post_s\">        <div class=\"jl_sli_w\">\r\n        <ul class=\"jl_sli_in\">\r\n            <li class=\"jl_sli_fb jl_shli\"><a class=\"jl_sshl\" href=\"http:\/\/www.facebook.com\/sharer.php?u=https%3A%2F%2Fburitama.sp.gov.br%2F%3Fp%3D28251\" rel=\"nofollow\"><i class=\"jli-facebook\"><\/i><span>Share<\/span><\/a><\/li>\r\n            <li class=\"jl_sli_tw jl_shli\"><a class=\"jl_sshl\" href=\"https:\/\/twitter.com\/intent\/tweet?text=Empresas%20de%20Buritama%20podem%20participar%20da%20Miss%C3%A3o%20SP%20Exporta%202026%20no%20exterior&url=https%3A%2F%2Fburitama.sp.gov.br%2F%3Fp%3D28251\" rel=\"nofollow\"><svg fill=\"currentColor\" width=\"0.9em\" height=\"0.8em\" xmlns=\"http:\/\/www.w3.org\/2000\/svg\" shape-rendering=\"geometricPrecision\" text-rendering=\"geometricPrecision\" image-rendering=\"optimizeQuality\" fill-rule=\"evenodd\" clip-rule=\"evenodd\" viewBox=\"0 0 512 462.8\"><path fill-rule=\"nonzero\" d=\"M403.229 0h78.506L310.219 196.04 512 462.799H354.002L230.261 301.007 88.669 462.799h-78.56l183.455-209.683L0 0h161.999l111.856 147.88L403.229 0zm-27.556 415.805h43.505L138.363 44.527h-46.68l283.99 371.278z\"><\/path><\/svg><span>Tweet<\/span><\/a><\/li>\r\n            <li class=\"jl_sli_pi jl_shli\"><a class=\"jl_sshl\" href=\"http:\/\/pinterest.com\/pin\/create\/bookmarklet\/?url=https%3A%2F%2Fburitama.sp.gov.br%2F%3Fp%3D28251&media=https:\/\/buritama.sp.gov.br\/wp-content\/uploads\/2026\/09\/site-1600x1068.jpg\" rel=\"nofollow\"><i class=\"jli-pinterest\"><\/i><span>Pin<\/span><\/a><\/li>\r\n            <li class=\"jl_sli_din jl_shli\"><a class=\"jl_sshl\" href=\"http:\/\/www.linkedin.com\/shareArticle?url=https%3A%2F%2Fburitama.sp.gov.br%2F%3Fp%3D28251\" rel=\"nofollow\"><i class=\"jli-linkedin\"><\/i><\/a><\/li>\r\n            <li class=\"jl_sli_wapp jl_shli\"><a class=\"jl_sshl\" href=\"https:\/\/api.whatsapp.com\/send?text=https%3A%2F%2Fburitama.sp.gov.br%2F%3Fp%3D28251\" data-action=\"share\/whatsapp\/share\" rel=\"nofollow\"><i class=\"jli-whatsapp\"><\/i><\/a><\/li>\r\n            <li class=\"jl_sli_tele jl_shli\"><a class=\"jl_sshl\" href=\"https:\/\/t.me\/share\/url?url=https%3A%2F%2Fburitama.sp.gov.br%2F%3Fp%3D28251&title=Empresas%20de%20Buritama%20podem%20participar%20da%20Miss%C3%A3o%20SP%20Exporta%202026%20no%20exterior\" rel=\"nofollow\"><i class=\"jli-telegram\"><\/i><\/a><\/li>        \r\n            <li class=\"jl_sli_tumblr jl_shli\"><a class=\"jl_sshl\" href=\"https:\/\/www.tumblr.com\/share\/link?url=https%3A%2F%2Fburitama.sp.gov.br%2F%3Fp%3D28251&name=Empresas%20de%20Buritama%20podem%20participar%20da%20Miss%C3%A3o%20SP%20Exporta%202026%20no%20exterior\" rel=\"nofollow\"><i class=\"jli-tumblr\"><\/i><\/a><\/li>\r\n            <li class=\"jl_sli_line jl_shli\"><a class=\"jl_sshl\" href=\"https:\/\/social-plugins.line.me\/lineit\/share?url=https%3A%2F%2Fburitama.sp.gov.br%2F%3Fp%3D28251\" rel=\"nofollow\"><svg xmlns=\"http:\/\/www.w3.org\/2000\/svg\" viewBox=\"0 0 377.76 377.76\"><path class=\"line_bg_fill\" fill-rule=\"evenodd\" clip-rule=\"evenodd\" fill=\"#3ACE01\" d=\"M77.315 0h223.133c42.523 0 77.315 34.792 77.315 77.315v223.133c0 42.523-34.792 77.315-77.315 77.315H77.315C34.792 377.764 0 342.972 0 300.448V77.315C0 34.792 34.792 0 77.315 0z\"><\/path><path fill-rule=\"evenodd\" clip-rule=\"evenodd\" fill=\"#FFF\" d=\"M188.515 62.576c76.543 0 138.593 49.687 138.593 110.979 0 21.409-7.576 41.398-20.691 58.351-.649.965-1.497 2.031-2.566 3.209l-.081.088c-4.48 5.36-9.525 10.392-15.072 15.037-38.326 35.425-101.41 77.601-109.736 71.094-7.238-5.656 11.921-33.321-10.183-37.925-1.542-.177-3.08-.367-4.605-.583l-.029-.002v-.002c-64.921-9.223-114.222-54.634-114.222-109.267-.002-61.292 62.049-110.979 138.592-110.979z\"><\/path><path fill-rule=\"evenodd\" clip-rule=\"evenodd\" fill=\"#3ACE01\" d=\"M108.103 208.954h27.952c3.976 0 7.228-3.253 7.228-7.229v-.603c0-3.976-3.252-7.228-7.228-7.228h-20.121v-45.779c0-3.976-3.252-7.228-7.228-7.228h-.603c-3.976 0-7.228 3.252-7.228 7.228v53.609c0 3.977 3.252 7.23 7.228 7.23zm173.205-33.603v-.603c0-3.976-3.253-7.228-7.229-7.228h-20.12v-11.445h20.12c3.976 0 7.229-3.252 7.229-7.228v-.603c0-3.976-3.253-7.228-7.229-7.228h-27.952c-3.976 0-7.228 3.252-7.228 7.228v53.609c0 3.976 3.252 7.229 7.228 7.229h27.952c3.976 0 7.229-3.253 7.229-7.229v-.603c0-3.976-3.253-7.228-7.229-7.228h-20.12v-11.445h20.12c3.976.002 7.229-3.251 7.229-7.226zm-53.755 31.448l.002-.003a7.207 7.207 0 0 0 2.09-5.07v-53.609c0-3.976-3.252-7.228-7.229-7.228h-.603c-3.976 0-7.228 3.252-7.228 7.228v31.469l-26.126-35.042c-1.248-2.179-3.598-3.655-6.276-3.655h-.603c-3.976 0-7.229 3.252-7.229 7.228v53.609c0 3.976 3.252 7.229 7.229 7.229h.603c3.976 0 7.228-3.253 7.228-7.229v-32.058l26.314 35.941c.162.252.339.494.53.724l.001.002c.723.986 1.712 1.662 2.814 2.075.847.35 1.773.544 2.742.544h.603a7.162 7.162 0 0 0 3.377-.844c.723-.344 1.332-.788 1.761-1.311zm-71.208 2.155h.603c3.976 0 7.228-3.253 7.228-7.229v-53.609c0-3.976-3.252-7.228-7.228-7.228h-.603c-3.976 0-7.229 3.252-7.229 7.228v53.609c0 3.976 3.253 7.229 7.229 7.229z\"><\/path><\/svg><\/a><\/li>\r\n            <li class=\"jl_sli_mil jl_shli\"><a class=\"jl_sshm\" href=\"mailto:?subject=Empresas%20de%20Buritama%20podem%20participar%20da%20Miss%C3%A3o%20SP%20Exporta%202026%20no%20exterior https%3A%2F%2Fburitama.sp.gov.br%2F%3Fp%3D28251\" target=\"_blank\" rel=\"nofollow\"><i class=\"jli-mail\"><\/i><\/a><\/li>\r\n        <\/ul>\r\n        <\/div>\r\n<\/div><\/div><\/span><\/span><\/span><\/span><\/span>                \r\n\t\t\t    <\/div>\r\n\t\t\t<\/div>\r\n\t\t<\/div>\r\n\t\t\t\t\t\t\t<div class=\"jl_clist_layout jl_lisep\">\r\n\t\t\t\t\t<div class=\"jl_li_in\">\r\n\t\t\t    \t\t\t        <div class=\"jl_img_holder\">\r\n\t\t\t\t        <div class=\"jl_imgw jl_radus_e\">\r\n\t\t\t\t            <div class=\"jl_imgin\">\r\n\t\t\t\t\t\t\t\t<img decoding=\"async\" width=\"600\" height=\"800\" src=\"https:\/\/buritama.sp.gov.br\/wp-content\/uploads\/2026\/09\/f4fa1495-d803-4eda-bcf5-39f1e54a156f-20x27.jpg\" class=\"attachment-wesper_list size-wesper_list jl-lazyload lazyload wp-post-image\" alt=\"\" data-src=\"https:\/\/buritama.sp.gov.br\/wp-content\/uploads\/2026\/09\/f4fa1495-d803-4eda-bcf5-39f1e54a156f-600x800.jpg\" \/>\t\t\t\t\t\t\t<\/div>\r\n\t\t\t\t            \t\t\t\t            \t\t\t\t            <a class=\"jl_imgl\" aria-label=\"Atletas da Escolinha Municipal do CERET recebem destaques individuais na Copa AME Sub-10\" href=\"https:\/\/buritama.sp.gov.br\/?p=28245\"><\/a>\r\n\t\t\t\t        <\/div> \r\n\t\t\t        <\/div> \r\n\t\t\t                                \r\n\t\t\t    <div class=\"jl_fe_text\">    \r\n\t\t\t        <span class=\"jl_f_cat jl_lb1\"><a class=\"jl_cat_txt jl_cat36\" href=\"https:\/\/buritama.sp.gov.br\/?cat=36\"><span>Administra\u00e7\u00e3o<\/span><\/a><a class=\"jl_cat_txt jl_cat38\" href=\"https:\/\/buritama.sp.gov.br\/?cat=38\"><span>Esporte e Lazer<\/span><\/a><\/span>\t\t\t        <h3 class=\"jl_fe_title\"><a href=\"https:\/\/buritama.sp.gov.br\/?p=28245\">Atletas da Escolinha Municipal do CERET recebem destaques individuais na Copa AME Sub-10<\/a><\/h3>\r\n\t\t\t        <p class=\"jl_fe_des\">Jovens de Buritama conquistaram os pr\u00eamios de jogador destaque e artilheiro na competi\u00e7\u00e3o regional. Os atletas Lorenzo e Davi, alunos da Escolinha Municipal... <\/p>\r\n\t\t\t        <span class=\"jl_post_meta\"><span class=\"jl_author_img_w\">By<a href=\"https:\/\/buritama.sp.gov.br\/?author=4\" rel=\"author\">Pedro Comuniccao<\/a><\/span><span class=\"post-date\">setembro 1, 2026<\/span><span class=\"jl_fot_share_i jl_share_l_bg jls_tooltip\"><i class=\"jli-sharethis\"><\/i><span class=\"jls_tooltip_w jls_tooltip-top\"><span class=\"jls_tooltiptext\"><span class=\"jls_tooltip_in\"><div class=\"post_sw\"><div class=\"post_s\">        <div class=\"jl_sli_w\">\r\n        <ul class=\"jl_sli_in\">\r\n            <li class=\"jl_sli_fb jl_shli\"><a class=\"jl_sshl\" href=\"http:\/\/www.facebook.com\/sharer.php?u=https%3A%2F%2Fburitama.sp.gov.br%2F%3Fp%3D28245\" rel=\"nofollow\"><i class=\"jli-facebook\"><\/i><span>Share<\/span><\/a><\/li>\r\n            <li class=\"jl_sli_tw jl_shli\"><a class=\"jl_sshl\" href=\"https:\/\/twitter.com\/intent\/tweet?text=Atletas%20da%20Escolinha%20Municipal%20do%20CERET%20recebem%20destaques%20individuais%20na%20Copa%20AME%20Sub-10&url=https%3A%2F%2Fburitama.sp.gov.br%2F%3Fp%3D28245\" rel=\"nofollow\"><svg fill=\"currentColor\" width=\"0.9em\" height=\"0.8em\" xmlns=\"http:\/\/www.w3.org\/2000\/svg\" shape-rendering=\"geometricPrecision\" text-rendering=\"geometricPrecision\" image-rendering=\"optimizeQuality\" fill-rule=\"evenodd\" clip-rule=\"evenodd\" viewBox=\"0 0 512 462.8\"><path fill-rule=\"nonzero\" d=\"M403.229 0h78.506L310.219 196.04 512 462.799H354.002L230.261 301.007 88.669 462.799h-78.56l183.455-209.683L0 0h161.999l111.856 147.88L403.229 0zm-27.556 415.805h43.505L138.363 44.527h-46.68l283.99 371.278z\"><\/path><\/svg><span>Tweet<\/span><\/a><\/li>\r\n            <li class=\"jl_sli_pi jl_shli\"><a class=\"jl_sshl\" href=\"http:\/\/pinterest.com\/pin\/create\/bookmarklet\/?url=https%3A%2F%2Fburitama.sp.gov.br%2F%3Fp%3D28245&media=https:\/\/buritama.sp.gov.br\/wp-content\/uploads\/2026\/09\/f4fa1495-d803-4eda-bcf5-39f1e54a156f.jpg\" rel=\"nofollow\"><i class=\"jli-pinterest\"><\/i><span>Pin<\/span><\/a><\/li>\r\n            <li class=\"jl_sli_din jl_shli\"><a class=\"jl_sshl\" href=\"http:\/\/www.linkedin.com\/shareArticle?url=https%3A%2F%2Fburitama.sp.gov.br%2F%3Fp%3D28245\" rel=\"nofollow\"><i class=\"jli-linkedin\"><\/i><\/a><\/li>\r\n            <li class=\"jl_sli_wapp jl_shli\"><a class=\"jl_sshl\" href=\"https:\/\/api.whatsapp.com\/send?text=https%3A%2F%2Fburitama.sp.gov.br%2F%3Fp%3D28245\" data-action=\"share\/whatsapp\/share\" rel=\"nofollow\"><i class=\"jli-whatsapp\"><\/i><\/a><\/li>\r\n            <li class=\"jl_sli_tele jl_shli\"><a class=\"jl_sshl\" href=\"https:\/\/t.me\/share\/url?url=https%3A%2F%2Fburitama.sp.gov.br%2F%3Fp%3D28245&title=Atletas%20da%20Escolinha%20Municipal%20do%20CERET%20recebem%20destaques%20individuais%20na%20Copa%20AME%20Sub-10\" rel=\"nofollow\"><i class=\"jli-telegram\"><\/i><\/a><\/li>        \r\n            <li class=\"jl_sli_tumblr jl_shli\"><a class=\"jl_sshl\" href=\"https:\/\/www.tumblr.com\/share\/link?url=https%3A%2F%2Fburitama.sp.gov.br%2F%3Fp%3D28245&name=Atletas%20da%20Escolinha%20Municipal%20do%20CERET%20recebem%20destaques%20individuais%20na%20Copa%20AME%20Sub-10\" rel=\"nofollow\"><i class=\"jli-tumblr\"><\/i><\/a><\/li>\r\n            <li class=\"jl_sli_line jl_shli\"><a class=\"jl_sshl\" href=\"https:\/\/social-plugins.line.me\/lineit\/share?url=https%3A%2F%2Fburitama.sp.gov.br%2F%3Fp%3D28245\" rel=\"nofollow\"><svg xmlns=\"http:\/\/www.w3.org\/2000\/svg\" viewBox=\"0 0 377.76 377.76\"><path class=\"line_bg_fill\" fill-rule=\"evenodd\" clip-rule=\"evenodd\" fill=\"#3ACE01\" d=\"M77.315 0h223.133c42.523 0 77.315 34.792 77.315 77.315v223.133c0 42.523-34.792 77.315-77.315 77.315H77.315C34.792 377.764 0 342.972 0 300.448V77.315C0 34.792 34.792 0 77.315 0z\"><\/path><path fill-rule=\"evenodd\" clip-rule=\"evenodd\" fill=\"#FFF\" d=\"M188.515 62.576c76.543 0 138.593 49.687 138.593 110.979 0 21.409-7.576 41.398-20.691 58.351-.649.965-1.497 2.031-2.566 3.209l-.081.088c-4.48 5.36-9.525 10.392-15.072 15.037-38.326 35.425-101.41 77.601-109.736 71.094-7.238-5.656 11.921-33.321-10.183-37.925-1.542-.177-3.08-.367-4.605-.583l-.029-.002v-.002c-64.921-9.223-114.222-54.634-114.222-109.267-.002-61.292 62.049-110.979 138.592-110.979z\"><\/path><path fill-rule=\"evenodd\" clip-rule=\"evenodd\" fill=\"#3ACE01\" d=\"M108.103 208.954h27.952c3.976 0 7.228-3.253 7.228-7.229v-.603c0-3.976-3.252-7.228-7.228-7.228h-20.121v-45.779c0-3.976-3.252-7.228-7.228-7.228h-.603c-3.976 0-7.228 3.252-7.228 7.228v53.609c0 3.977 3.252 7.23 7.228 7.23zm173.205-33.603v-.603c0-3.976-3.253-7.228-7.229-7.228h-20.12v-11.445h20.12c3.976 0 7.229-3.252 7.229-7.228v-.603c0-3.976-3.253-7.228-7.229-7.228h-27.952c-3.976 0-7.228 3.252-7.228 7.228v53.609c0 3.976 3.252 7.229 7.228 7.229h27.952c3.976 0 7.229-3.253 7.229-7.229v-.603c0-3.976-3.253-7.228-7.229-7.228h-20.12v-11.445h20.12c3.976.002 7.229-3.251 7.229-7.226zm-53.755 31.448l.002-.003a7.207 7.207 0 0 0 2.09-5.07v-53.609c0-3.976-3.252-7.228-7.229-7.228h-.603c-3.976 0-7.228 3.252-7.228 7.228v31.469l-26.126-35.042c-1.248-2.179-3.598-3.655-6.276-3.655h-.603c-3.976 0-7.229 3.252-7.229 7.228v53.609c0 3.976 3.252 7.229 7.229 7.229h.603c3.976 0 7.228-3.253 7.228-7.229v-32.058l26.314 35.941c.162.252.339.494.53.724l.001.002c.723.986 1.712 1.662 2.814 2.075.847.35 1.773.544 2.742.544h.603a7.162 7.162 0 0 0 3.377-.844c.723-.344 1.332-.788 1.761-1.311zm-71.208 2.155h.603c3.976 0 7.228-3.253 7.228-7.229v-53.609c0-3.976-3.252-7.228-7.228-7.228h-.603c-3.976 0-7.229 3.252-7.229 7.228v53.609c0 3.976 3.253 7.229 7.229 7.229z\"><\/path><\/svg><\/a><\/li>\r\n            <li class=\"jl_sli_mil jl_shli\"><a class=\"jl_sshm\" href=\"mailto:?subject=Atletas%20da%20Escolinha%20Municipal%20do%20CERET%20recebem%20destaques%20individuais%20na%20Copa%20AME%20Sub-10 https%3A%2F%2Fburitama.sp.gov.br%2F%3Fp%3D28245\" target=\"_blank\" rel=\"nofollow\"><i class=\"jli-mail\"><\/i><\/a><\/li>\r\n        <\/ul>\r\n        <\/div>\r\n<\/div><\/div><\/span><\/span><\/span><\/span><\/span>                \r\n\t\t\t    <\/div>\r\n\t\t\t<\/div>\r\n\t\t<\/div>\r\n\t\t\t\t\t\t\t<div class=\"jl_clist_layout jl_lisep\">\r\n\t\t\t\t\t<div class=\"jl_li_in\">\r\n\t\t\t    \t\t\t        <div class=\"jl_img_holder\">\r\n\t\t\t\t        <div class=\"jl_imgw jl_radus_e\">\r\n\t\t\t\t            <div class=\"jl_imgin\">\r\n\t\t\t\t\t\t\t\t<img decoding=\"async\" width=\"600\" height=\"450\" src=\"https:\/\/buritama.sp.gov.br\/wp-content\/uploads\/2026\/09\/d2016dbe-39dc-4675-9475-60c769c7cf94-20x15.jpg\" class=\"attachment-wesper_list size-wesper_list jl-lazyload lazyload wp-post-image\" alt=\"\" data-src=\"https:\/\/buritama.sp.gov.br\/wp-content\/uploads\/2026\/09\/d2016dbe-39dc-4675-9475-60c769c7cf94-600x450.jpg\" \/>\t\t\t\t\t\t\t<\/div>\r\n\t\t\t\t            \t\t\t\t            \t\t\t\t            <a class=\"jl_imgl\" aria-label=\"Buritama ser\u00e1 sede da Copa Interior de Futebol de Base em janeiro de 2027\" href=\"https:\/\/buritama.sp.gov.br\/?p=28242\"><\/a>\r\n\t\t\t\t        <\/div> \r\n\t\t\t        <\/div> \r\n\t\t\t                                \r\n\t\t\t    <div class=\"jl_fe_text\">    \r\n\t\t\t        <span class=\"jl_f_cat jl_lb1\"><a class=\"jl_cat_txt jl_cat36\" href=\"https:\/\/buritama.sp.gov.br\/?cat=36\"><span>Administra\u00e7\u00e3o<\/span><\/a><a class=\"jl_cat_txt jl_cat37\" href=\"https:\/\/buritama.sp.gov.br\/?cat=37\"><span>Destaque<\/span><\/a><a class=\"jl_cat_txt jl_cat38\" href=\"https:\/\/buritama.sp.gov.br\/?cat=38\"><span>Esporte e Lazer<\/span><\/a><\/span>\t\t\t        <h3 class=\"jl_fe_title\"><a href=\"https:\/\/buritama.sp.gov.br\/?p=28242\">Buritama ser\u00e1 sede da Copa Interior de Futebol de Base em janeiro de 2027<\/a><\/h3>\r\n\t\t\t        <p class=\"jl_fe_des\">Competi\u00e7\u00e3o reunir\u00e1 cerca de 800 atletas de equipes brasileiras e sul-americanas no munic\u00edpio. O munic\u00edpio de Buritama foi confirmado como sede oficial da... <\/p>\r\n\t\t\t        <span class=\"jl_post_meta\"><span class=\"jl_author_img_w\">By<a href=\"https:\/\/buritama.sp.gov.br\/?author=4\" rel=\"author\">Pedro Comuniccao<\/a><\/span><span class=\"post-date\">setembro 1, 2026<\/span><span class=\"jl_fot_share_i jl_share_l_bg jls_tooltip\"><i class=\"jli-sharethis\"><\/i><span class=\"jls_tooltip_w jls_tooltip-top\"><span class=\"jls_tooltiptext\"><span class=\"jls_tooltip_in\"><div class=\"post_sw\"><div class=\"post_s\">        <div class=\"jl_sli_w\">\r\n        <ul class=\"jl_sli_in\">\r\n            <li class=\"jl_sli_fb jl_shli\"><a class=\"jl_sshl\" href=\"http:\/\/www.facebook.com\/sharer.php?u=https%3A%2F%2Fburitama.sp.gov.br%2F%3Fp%3D28242\" rel=\"nofollow\"><i class=\"jli-facebook\"><\/i><span>Share<\/span><\/a><\/li>\r\n            <li class=\"jl_sli_tw jl_shli\"><a class=\"jl_sshl\" href=\"https:\/\/twitter.com\/intent\/tweet?text=Buritama%20ser%C3%A1%20sede%20da%20Copa%20Interior%20de%20Futebol%20de%20Base%20em%20janeiro%20de%202027&url=https%3A%2F%2Fburitama.sp.gov.br%2F%3Fp%3D28242\" rel=\"nofollow\"><svg fill=\"currentColor\" width=\"0.9em\" height=\"0.8em\" xmlns=\"http:\/\/www.w3.org\/2000\/svg\" shape-rendering=\"geometricPrecision\" text-rendering=\"geometricPrecision\" image-rendering=\"optimizeQuality\" fill-rule=\"evenodd\" clip-rule=\"evenodd\" viewBox=\"0 0 512 462.8\"><path fill-rule=\"nonzero\" d=\"M403.229 0h78.506L310.219 196.04 512 462.799H354.002L230.261 301.007 88.669 462.799h-78.56l183.455-209.683L0 0h161.999l111.856 147.88L403.229 0zm-27.556 415.805h43.505L138.363 44.527h-46.68l283.99 371.278z\"><\/path><\/svg><span>Tweet<\/span><\/a><\/li>\r\n            <li class=\"jl_sli_pi jl_shli\"><a class=\"jl_sshl\" href=\"http:\/\/pinterest.com\/pin\/create\/bookmarklet\/?url=https%3A%2F%2Fburitama.sp.gov.br%2F%3Fp%3D28242&media=https:\/\/buritama.sp.gov.br\/wp-content\/uploads\/2026\/09\/d2016dbe-39dc-4675-9475-60c769c7cf94.jpg\" rel=\"nofollow\"><i class=\"jli-pinterest\"><\/i><span>Pin<\/span><\/a><\/li>\r\n            <li class=\"jl_sli_din jl_shli\"><a class=\"jl_sshl\" href=\"http:\/\/www.linkedin.com\/shareArticle?url=https%3A%2F%2Fburitama.sp.gov.br%2F%3Fp%3D28242\" rel=\"nofollow\"><i class=\"jli-linkedin\"><\/i><\/a><\/li>\r\n            <li class=\"jl_sli_wapp jl_shli\"><a class=\"jl_sshl\" href=\"https:\/\/api.whatsapp.com\/send?text=https%3A%2F%2Fburitama.sp.gov.br%2F%3Fp%3D28242\" data-action=\"share\/whatsapp\/share\" rel=\"nofollow\"><i class=\"jli-whatsapp\"><\/i><\/a><\/li>\r\n            <li class=\"jl_sli_tele jl_shli\"><a class=\"jl_sshl\" href=\"https:\/\/t.me\/share\/url?url=https%3A%2F%2Fburitama.sp.gov.br%2F%3Fp%3D28242&title=Buritama%20ser%C3%A1%20sede%20da%20Copa%20Interior%20de%20Futebol%20de%20Base%20em%20janeiro%20de%202027\" rel=\"nofollow\"><i class=\"jli-telegram\"><\/i><\/a><\/li>        \r\n            <li class=\"jl_sli_tumblr jl_shli\"><a class=\"jl_sshl\" href=\"https:\/\/www.tumblr.com\/share\/link?url=https%3A%2F%2Fburitama.sp.gov.br%2F%3Fp%3D28242&name=Buritama%20ser%C3%A1%20sede%20da%20Copa%20Interior%20de%20Futebol%20de%20Base%20em%20janeiro%20de%202027\" rel=\"nofollow\"><i class=\"jli-tumblr\"><\/i><\/a><\/li>\r\n            <li class=\"jl_sli_line jl_shli\"><a class=\"jl_sshl\" href=\"https:\/\/social-plugins.line.me\/lineit\/share?url=https%3A%2F%2Fburitama.sp.gov.br%2F%3Fp%3D28242\" rel=\"nofollow\"><svg xmlns=\"http:\/\/www.w3.org\/2000\/svg\" viewBox=\"0 0 377.76 377.76\"><path class=\"line_bg_fill\" fill-rule=\"evenodd\" clip-rule=\"evenodd\" fill=\"#3ACE01\" d=\"M77.315 0h223.133c42.523 0 77.315 34.792 77.315 77.315v223.133c0 42.523-34.792 77.315-77.315 77.315H77.315C34.792 377.764 0 342.972 0 300.448V77.315C0 34.792 34.792 0 77.315 0z\"><\/path><path fill-rule=\"evenodd\" clip-rule=\"evenodd\" fill=\"#FFF\" d=\"M188.515 62.576c76.543 0 138.593 49.687 138.593 110.979 0 21.409-7.576 41.398-20.691 58.351-.649.965-1.497 2.031-2.566 3.209l-.081.088c-4.48 5.36-9.525 10.392-15.072 15.037-38.326 35.425-101.41 77.601-109.736 71.094-7.238-5.656 11.921-33.321-10.183-37.925-1.542-.177-3.08-.367-4.605-.583l-.029-.002v-.002c-64.921-9.223-114.222-54.634-114.222-109.267-.002-61.292 62.049-110.979 138.592-110.979z\"><\/path><path fill-rule=\"evenodd\" clip-rule=\"evenodd\" fill=\"#3ACE01\" d=\"M108.103 208.954h27.952c3.976 0 7.228-3.253 7.228-7.229v-.603c0-3.976-3.252-7.228-7.228-7.228h-20.121v-45.779c0-3.976-3.252-7.228-7.228-7.228h-.603c-3.976 0-7.228 3.252-7.228 7.228v53.609c0 3.977 3.252 7.23 7.228 7.23zm173.205-33.603v-.603c0-3.976-3.253-7.228-7.229-7.228h-20.12v-11.445h20.12c3.976 0 7.229-3.252 7.229-7.228v-.603c0-3.976-3.253-7.228-7.229-7.228h-27.952c-3.976 0-7.228 3.252-7.228 7.228v53.609c0 3.976 3.252 7.229 7.228 7.229h27.952c3.976 0 7.229-3.253 7.229-7.229v-.603c0-3.976-3.253-7.228-7.229-7.228h-20.12v-11.445h20.12c3.976.002 7.229-3.251 7.229-7.226zm-53.755 31.448l.002-.003a7.207 7.207 0 0 0 2.09-5.07v-53.609c0-3.976-3.252-7.228-7.229-7.228h-.603c-3.976 0-7.228 3.252-7.228 7.228v31.469l-26.126-35.042c-1.248-2.179-3.598-3.655-6.276-3.655h-.603c-3.976 0-7.229 3.252-7.229 7.228v53.609c0 3.976 3.252 7.229 7.229 7.229h.603c3.976 0 7.228-3.253 7.228-7.229v-32.058l26.314 35.941c.162.252.339.494.53.724l.001.002c.723.986 1.712 1.662 2.814 2.075.847.35 1.773.544 2.742.544h.603a7.162 7.162 0 0 0 3.377-.844c.723-.344 1.332-.788 1.761-1.311zm-71.208 2.155h.603c3.976 0 7.228-3.253 7.228-7.229v-53.609c0-3.976-3.252-7.228-7.228-7.228h-.603c-3.976 0-7.229 3.252-7.229 7.228v53.609c0 3.976 3.253 7.229 7.229 7.229z\"><\/path><\/svg><\/a><\/li>\r\n            <li class=\"jl_sli_mil jl_shli\"><a class=\"jl_sshm\" href=\"mailto:?subject=Buritama%20ser%C3%A1%20sede%20da%20Copa%20Interior%20de%20Futebol%20de%20Base%20em%20janeiro%20de%202027 https%3A%2F%2Fburitama.sp.gov.br%2F%3Fp%3D28242\" target=\"_blank\" rel=\"nofollow\"><i class=\"jli-mail\"><\/i><\/a><\/li>\r\n        <\/ul>\r\n        <\/div>\r\n<\/div><\/div><\/span><\/span><\/span><\/span><\/span>                \r\n\t\t\t    <\/div>\r\n\t\t\t<\/div>\r\n\t\t<\/div>\r\n\t\t\t\t\t\t\t<div class=\"jl_clist_layout jl_lisep\">\r\n\t\t\t\t\t<div class=\"jl_li_in\">\r\n\t\t\t    \t\t\t        <div class=\"jl_img_holder\">\r\n\t\t\t\t        <div class=\"jl_imgw jl_radus_e\">\r\n\t\t\t\t            <div class=\"jl_imgin\">\r\n\t\t\t\t\t\t\t\t<img loading=\"lazy\" decoding=\"async\" width=\"600\" height=\"800\" src=\"https:\/\/buritama.sp.gov.br\/wp-content\/uploads\/2026\/09\/f75459c0-9a24-4e86-bba1-25c962f93d36-20x27.jpg\" class=\"attachment-wesper_list size-wesper_list jl-lazyload lazyload wp-post-image\" alt=\"\" data-src=\"https:\/\/buritama.sp.gov.br\/wp-content\/uploads\/2026\/09\/f75459c0-9a24-4e86-bba1-25c962f93d36-600x800.jpg\" \/>\t\t\t\t\t\t\t<\/div>\r\n\t\t\t\t            \t\t\t\t            \t\t\t\t            <a class=\"jl_imgl\" aria-label=\"Prefeitura entrega certid\u00f5es de regulariza\u00e7\u00e3o a empresas do Parque Industrial de Buritama\" href=\"https:\/\/buritama.sp.gov.br\/?p=28239\"><\/a>\r\n\t\t\t\t        <\/div> \r\n\t\t\t        <\/div> \r\n\t\t\t                                \r\n\t\t\t    <div class=\"jl_fe_text\">    \r\n\t\t\t        <span class=\"jl_f_cat jl_lb1\"><a class=\"jl_cat_txt jl_cat36\" href=\"https:\/\/buritama.sp.gov.br\/?cat=36\"><span>Administra\u00e7\u00e3o<\/span><\/a><a class=\"jl_cat_txt jl_cat37\" href=\"https:\/\/buritama.sp.gov.br\/?cat=37\"><span>Destaque<\/span><\/a><a class=\"jl_cat_txt jl_cat117\" href=\"https:\/\/buritama.sp.gov.br\/?cat=117\"><span>Planejamento<\/span><\/a><\/span>\t\t\t        <h3 class=\"jl_fe_title\"><a href=\"https:\/\/buritama.sp.gov.br\/?p=28239\">Prefeitura entrega certid\u00f5es de regulariza\u00e7\u00e3o a empresas do Parque Industrial de Buritama<\/a><\/h3>\r\n\t\t\t        <p class=\"jl_fe_des\">A\u00e7\u00f5es contemplam neg\u00f3cios com pend\u00eancias de documenta\u00e7\u00e3o h\u00e1 mais de 15 e 20 anos no munic\u00edpio. O Governo Municipal realizou a entrega de... <\/p>\r\n\t\t\t        <span class=\"jl_post_meta\"><span class=\"jl_author_img_w\">By<a href=\"https:\/\/buritama.sp.gov.br\/?author=4\" rel=\"author\">Pedro Comuniccao<\/a><\/span><span class=\"post-date\">setembro 1, 2026<\/span><span class=\"jl_fot_share_i jl_share_l_bg jls_tooltip\"><i class=\"jli-sharethis\"><\/i><span class=\"jls_tooltip_w jls_tooltip-top\"><span class=\"jls_tooltiptext\"><span class=\"jls_tooltip_in\"><div class=\"post_sw\"><div class=\"post_s\">        <div class=\"jl_sli_w\">\r\n        <ul class=\"jl_sli_in\">\r\n            <li class=\"jl_sli_fb jl_shli\"><a class=\"jl_sshl\" href=\"http:\/\/www.facebook.com\/sharer.php?u=https%3A%2F%2Fburitama.sp.gov.br%2F%3Fp%3D28239\" rel=\"nofollow\"><i class=\"jli-facebook\"><\/i><span>Share<\/span><\/a><\/li>\r\n            <li class=\"jl_sli_tw jl_shli\"><a class=\"jl_sshl\" href=\"https:\/\/twitter.com\/intent\/tweet?text=Prefeitura%20entrega%20certid%C3%B5es%20de%20regulariza%C3%A7%C3%A3o%20a%20empresas%20do%20Parque%20Industrial%20de%20Buritama&url=https%3A%2F%2Fburitama.sp.gov.br%2F%3Fp%3D28239\" rel=\"nofollow\"><svg fill=\"currentColor\" width=\"0.9em\" height=\"0.8em\" xmlns=\"http:\/\/www.w3.org\/2000\/svg\" shape-rendering=\"geometricPrecision\" text-rendering=\"geometricPrecision\" image-rendering=\"optimizeQuality\" fill-rule=\"evenodd\" clip-rule=\"evenodd\" viewBox=\"0 0 512 462.8\"><path fill-rule=\"nonzero\" d=\"M403.229 0h78.506L310.219 196.04 512 462.799H354.002L230.261 301.007 88.669 462.799h-78.56l183.455-209.683L0 0h161.999l111.856 147.88L403.229 0zm-27.556 415.805h43.505L138.363 44.527h-46.68l283.99 371.278z\"><\/path><\/svg><span>Tweet<\/span><\/a><\/li>\r\n            <li class=\"jl_sli_pi jl_shli\"><a class=\"jl_sshl\" href=\"http:\/\/pinterest.com\/pin\/create\/bookmarklet\/?url=https%3A%2F%2Fburitama.sp.gov.br%2F%3Fp%3D28239&media=https:\/\/buritama.sp.gov.br\/wp-content\/uploads\/2026\/09\/f75459c0-9a24-4e86-bba1-25c962f93d36.jpg\" rel=\"nofollow\"><i class=\"jli-pinterest\"><\/i><span>Pin<\/span><\/a><\/li>\r\n            <li class=\"jl_sli_din jl_shli\"><a class=\"jl_sshl\" href=\"http:\/\/www.linkedin.com\/shareArticle?url=https%3A%2F%2Fburitama.sp.gov.br%2F%3Fp%3D28239\" rel=\"nofollow\"><i class=\"jli-linkedin\"><\/i><\/a><\/li>\r\n            <li class=\"jl_sli_wapp jl_shli\"><a class=\"jl_sshl\" href=\"https:\/\/api.whatsapp.com\/send?text=https%3A%2F%2Fburitama.sp.gov.br%2F%3Fp%3D28239\" data-action=\"share\/whatsapp\/share\" rel=\"nofollow\"><i class=\"jli-whatsapp\"><\/i><\/a><\/li>\r\n            <li class=\"jl_sli_tele jl_shli\"><a class=\"jl_sshl\" href=\"https:\/\/t.me\/share\/url?url=https%3A%2F%2Fburitama.sp.gov.br%2F%3Fp%3D28239&title=Prefeitura%20entrega%20certid%C3%B5es%20de%20regulariza%C3%A7%C3%A3o%20a%20empresas%20do%20Parque%20Industrial%20de%20Buritama\" rel=\"nofollow\"><i class=\"jli-telegram\"><\/i><\/a><\/li>        \r\n            <li class=\"jl_sli_tumblr jl_shli\"><a class=\"jl_sshl\" href=\"https:\/\/www.tumblr.com\/share\/link?url=https%3A%2F%2Fburitama.sp.gov.br%2F%3Fp%3D28239&name=Prefeitura%20entrega%20certid%C3%B5es%20de%20regulariza%C3%A7%C3%A3o%20a%20empresas%20do%20Parque%20Industrial%20de%20Buritama\" rel=\"nofollow\"><i class=\"jli-tumblr\"><\/i><\/a><\/li>\r\n            <li class=\"jl_sli_line jl_shli\"><a class=\"jl_sshl\" href=\"https:\/\/social-plugins.line.me\/lineit\/share?url=https%3A%2F%2Fburitama.sp.gov.br%2F%3Fp%3D28239\" rel=\"nofollow\"><svg xmlns=\"http:\/\/www.w3.org\/2000\/svg\" viewBox=\"0 0 377.76 377.76\"><path class=\"line_bg_fill\" fill-rule=\"evenodd\" clip-rule=\"evenodd\" fill=\"#3ACE01\" d=\"M77.315 0h223.133c42.523 0 77.315 34.792 77.315 77.315v223.133c0 42.523-34.792 77.315-77.315 77.315H77.315C34.792 377.764 0 342.972 0 300.448V77.315C0 34.792 34.792 0 77.315 0z\"><\/path><path fill-rule=\"evenodd\" clip-rule=\"evenodd\" fill=\"#FFF\" d=\"M188.515 62.576c76.543 0 138.593 49.687 138.593 110.979 0 21.409-7.576 41.398-20.691 58.351-.649.965-1.497 2.031-2.566 3.209l-.081.088c-4.48 5.36-9.525 10.392-15.072 15.037-38.326 35.425-101.41 77.601-109.736 71.094-7.238-5.656 11.921-33.321-10.183-37.925-1.542-.177-3.08-.367-4.605-.583l-.029-.002v-.002c-64.921-9.223-114.222-54.634-114.222-109.267-.002-61.292 62.049-110.979 138.592-110.979z\"><\/path><path fill-rule=\"evenodd\" clip-rule=\"evenodd\" fill=\"#3ACE01\" d=\"M108.103 208.954h27.952c3.976 0 7.228-3.253 7.228-7.229v-.603c0-3.976-3.252-7.228-7.228-7.228h-20.121v-45.779c0-3.976-3.252-7.228-7.228-7.228h-.603c-3.976 0-7.228 3.252-7.228 7.228v53.609c0 3.977 3.252 7.23 7.228 7.23zm173.205-33.603v-.603c0-3.976-3.253-7.228-7.229-7.228h-20.12v-11.445h20.12c3.976 0 7.229-3.252 7.229-7.228v-.603c0-3.976-3.253-7.228-7.229-7.228h-27.952c-3.976 0-7.228 3.252-7.228 7.228v53.609c0 3.976 3.252 7.229 7.228 7.229h27.952c3.976 0 7.229-3.253 7.229-7.229v-.603c0-3.976-3.253-7.228-7.229-7.228h-20.12v-11.445h20.12c3.976.002 7.229-3.251 7.229-7.226zm-53.755 31.448l.002-.003a7.207 7.207 0 0 0 2.09-5.07v-53.609c0-3.976-3.252-7.228-7.229-7.228h-.603c-3.976 0-7.228 3.252-7.228 7.228v31.469l-26.126-35.042c-1.248-2.179-3.598-3.655-6.276-3.655h-.603c-3.976 0-7.229 3.252-7.229 7.228v53.609c0 3.976 3.252 7.229 7.229 7.229h.603c3.976 0 7.228-3.253 7.228-7.229v-32.058l26.314 35.941c.162.252.339.494.53.724l.001.002c.723.986 1.712 1.662 2.814 2.075.847.35 1.773.544 2.742.544h.603a7.162 7.162 0 0 0 3.377-.844c.723-.344 1.332-.788 1.761-1.311zm-71.208 2.155h.603c3.976 0 7.228-3.253 7.228-7.229v-53.609c0-3.976-3.252-7.228-7.228-7.228h-.603c-3.976 0-7.229 3.252-7.229 7.228v53.609c0 3.976 3.253 7.229 7.229 7.229z\"><\/path><\/svg><\/a><\/li>\r\n            <li class=\"jl_sli_mil jl_shli\"><a class=\"jl_sshm\" href=\"mailto:?subject=Prefeitura%20entrega%20certid%C3%B5es%20de%20regulariza%C3%A7%C3%A3o%20a%20empresas%20do%20Parque%20Industrial%20de%20Buritama https%3A%2F%2Fburitama.sp.gov.br%2F%3Fp%3D28239\" target=\"_blank\" rel=\"nofollow\"><i class=\"jli-mail\"><\/i><\/a><\/li>\r\n        <\/ul>\r\n        <\/div>\r\n<\/div><\/div><\/span><\/span><\/span><\/span><\/span>                \r\n\t\t\t    <\/div>\r\n\t\t\t<\/div>\r\n\t\t<\/div>\r\n\t\t\t\t\t\t\t<div class=\"jl_clist_layout jl_lisep\">\r\n\t\t\t\t\t<div class=\"jl_li_in\">\r\n\t\t\t    \t\t\t        <div class=\"jl_img_holder\">\r\n\t\t\t\t        <div class=\"jl_imgw jl_radus_e\">\r\n\t\t\t\t            <div class=\"jl_imgin\">\r\n\t\t\t\t\t\t\t\t<img loading=\"lazy\" decoding=\"async\" width=\"600\" height=\"600\" src=\"https:\/\/buritama.sp.gov.br\/wp-content\/uploads\/2026\/08\/bta-facilita-sp-selo-bronze_1600x1600-20x20.jpeg\" class=\"attachment-wesper_list size-wesper_list jl-lazyload lazyload wp-post-image\" alt=\"\" data-src=\"https:\/\/buritama.sp.gov.br\/wp-content\/uploads\/2026\/08\/bta-facilita-sp-selo-bronze_1600x1600-600x600.jpeg\" \/>\t\t\t\t\t\t\t<\/div>\r\n\t\t\t\t            \t\t\t\t            \t\t\t\t            <a class=\"jl_imgl\" aria-label=\"Est\u00e2ncia Tur\u00edstica do Munic\u00edpio de Buritama celebra a conquista do Selo Bronze do Programa Facilita SP\" href=\"https:\/\/buritama.sp.gov.br\/?p=28036\"><\/a>\r\n\t\t\t\t        <\/div> \r\n\t\t\t        <\/div> \r\n\t\t\t                                \r\n\t\t\t    <div class=\"jl_fe_text\">    \r\n\t\t\t        <span class=\"jl_f_cat jl_lb1\"><a class=\"jl_cat_txt jl_cat36\" href=\"https:\/\/buritama.sp.gov.br\/?cat=36\"><span>Administra\u00e7\u00e3o<\/span><\/a><a class=\"jl_cat_txt jl_cat37\" href=\"https:\/\/buritama.sp.gov.br\/?cat=37\"><span>Destaque<\/span><\/a><\/span>\t\t\t        <h3 class=\"jl_fe_title\"><a href=\"https:\/\/buritama.sp.gov.br\/?p=28036\">Est\u00e2ncia Tur\u00edstica do Munic\u00edpio de Buritama celebra a conquista do Selo Bronze do Programa Facilita SP<\/a><\/h3>\r\n\t\t\t        <p class=\"jl_fe_des\">\u00c9 com alegria e orgulho que a Est\u00e2ncia Tur\u00edstica do Munic\u00edpio de Buritama celebra a conquista do Selo Bronze do Programa Facilita SP,... <\/p>\r\n\t\t\t        <span class=\"jl_post_meta\"><span class=\"jl_author_img_w\">By<a href=\"https:\/\/buritama.sp.gov.br\/?author=5\" rel=\"author\">Comunicacao Buritama<\/a><\/span><span class=\"post-date\">agosto 21, 2026<\/span><span class=\"jl_fot_share_i jl_share_l_bg jls_tooltip\"><i class=\"jli-sharethis\"><\/i><span class=\"jls_tooltip_w jls_tooltip-top\"><span class=\"jls_tooltiptext\"><span class=\"jls_tooltip_in\"><div class=\"post_sw\"><div class=\"post_s\">        <div class=\"jl_sli_w\">\r\n        <ul class=\"jl_sli_in\">\r\n            <li class=\"jl_sli_fb jl_shli\"><a class=\"jl_sshl\" href=\"http:\/\/www.facebook.com\/sharer.php?u=https%3A%2F%2Fburitama.sp.gov.br%2F%3Fp%3D28036\" rel=\"nofollow\"><i class=\"jli-facebook\"><\/i><span>Share<\/span><\/a><\/li>\r\n            <li class=\"jl_sli_tw jl_shli\"><a class=\"jl_sshl\" href=\"https:\/\/twitter.com\/intent\/tweet?text=Est%C3%A2ncia%20Tur%C3%ADstica%20do%20Munic%C3%ADpio%20de%20Buritama%20celebra%20a%20conquista%20do%20Selo%20Bronze%20do%20Programa%20Facilita%20SP&url=https%3A%2F%2Fburitama.sp.gov.br%2F%3Fp%3D28036\" rel=\"nofollow\"><svg fill=\"currentColor\" width=\"0.9em\" height=\"0.8em\" xmlns=\"http:\/\/www.w3.org\/2000\/svg\" shape-rendering=\"geometricPrecision\" text-rendering=\"geometricPrecision\" image-rendering=\"optimizeQuality\" fill-rule=\"evenodd\" clip-rule=\"evenodd\" viewBox=\"0 0 512 462.8\"><path fill-rule=\"nonzero\" d=\"M403.229 0h78.506L310.219 196.04 512 462.799H354.002L230.261 301.007 88.669 462.799h-78.56l183.455-209.683L0 0h161.999l111.856 147.88L403.229 0zm-27.556 415.805h43.505L138.363 44.527h-46.68l283.99 371.278z\"><\/path><\/svg><span>Tweet<\/span><\/a><\/li>\r\n            <li class=\"jl_sli_pi jl_shli\"><a class=\"jl_sshl\" href=\"http:\/\/pinterest.com\/pin\/create\/bookmarklet\/?url=https%3A%2F%2Fburitama.sp.gov.br%2F%3Fp%3D28036&media=https:\/\/buritama.sp.gov.br\/wp-content\/uploads\/2026\/08\/bta-facilita-sp-selo-bronze_1600x1600.jpeg\" rel=\"nofollow\"><i class=\"jli-pinterest\"><\/i><span>Pin<\/span><\/a><\/li>\r\n            <li class=\"jl_sli_din jl_shli\"><a class=\"jl_sshl\" href=\"http:\/\/www.linkedin.com\/shareArticle?url=https%3A%2F%2Fburitama.sp.gov.br%2F%3Fp%3D28036\" rel=\"nofollow\"><i class=\"jli-linkedin\"><\/i><\/a><\/li>\r\n            <li class=\"jl_sli_wapp jl_shli\"><a class=\"jl_sshl\" href=\"https:\/\/api.whatsapp.com\/send?text=https%3A%2F%2Fburitama.sp.gov.br%2F%3Fp%3D28036\" data-action=\"share\/whatsapp\/share\" rel=\"nofollow\"><i class=\"jli-whatsapp\"><\/i><\/a><\/li>\r\n            <li class=\"jl_sli_tele jl_shli\"><a class=\"jl_sshl\" href=\"https:\/\/t.me\/share\/url?url=https%3A%2F%2Fburitama.sp.gov.br%2F%3Fp%3D28036&title=Est%C3%A2ncia%20Tur%C3%ADstica%20do%20Munic%C3%ADpio%20de%20Buritama%20celebra%20a%20conquista%20do%20Selo%20Bronze%20do%20Programa%20Facilita%20SP\" rel=\"nofollow\"><i class=\"jli-telegram\"><\/i><\/a><\/li>        \r\n            <li class=\"jl_sli_tumblr jl_shli\"><a class=\"jl_sshl\" href=\"https:\/\/www.tumblr.com\/share\/link?url=https%3A%2F%2Fburitama.sp.gov.br%2F%3Fp%3D28036&name=Est%C3%A2ncia%20Tur%C3%ADstica%20do%20Munic%C3%ADpio%20de%20Buritama%20celebra%20a%20conquista%20do%20Selo%20Bronze%20do%20Programa%20Facilita%20SP\" rel=\"nofollow\"><i class=\"jli-tumblr\"><\/i><\/a><\/li>\r\n            <li class=\"jl_sli_line jl_shli\"><a class=\"jl_sshl\" href=\"https:\/\/social-plugins.line.me\/lineit\/share?url=https%3A%2F%2Fburitama.sp.gov.br%2F%3Fp%3D28036\" rel=\"nofollow\"><svg xmlns=\"http:\/\/www.w3.org\/2000\/svg\" viewBox=\"0 0 377.76 377.76\"><path class=\"line_bg_fill\" fill-rule=\"evenodd\" clip-rule=\"evenodd\" fill=\"#3ACE01\" d=\"M77.315 0h223.133c42.523 0 77.315 34.792 77.315 77.315v223.133c0 42.523-34.792 77.315-77.315 77.315H77.315C34.792 377.764 0 342.972 0 300.448V77.315C0 34.792 34.792 0 77.315 0z\"><\/path><path fill-rule=\"evenodd\" clip-rule=\"evenodd\" fill=\"#FFF\" d=\"M188.515 62.576c76.543 0 138.593 49.687 138.593 110.979 0 21.409-7.576 41.398-20.691 58.351-.649.965-1.497 2.031-2.566 3.209l-.081.088c-4.48 5.36-9.525 10.392-15.072 15.037-38.326 35.425-101.41 77.601-109.736 71.094-7.238-5.656 11.921-33.321-10.183-37.925-1.542-.177-3.08-.367-4.605-.583l-.029-.002v-.002c-64.921-9.223-114.222-54.634-114.222-109.267-.002-61.292 62.049-110.979 138.592-110.979z\"><\/path><path fill-rule=\"evenodd\" clip-rule=\"evenodd\" fill=\"#3ACE01\" d=\"M108.103 208.954h27.952c3.976 0 7.228-3.253 7.228-7.229v-.603c0-3.976-3.252-7.228-7.228-7.228h-20.121v-45.779c0-3.976-3.252-7.228-7.228-7.228h-.603c-3.976 0-7.228 3.252-7.228 7.228v53.609c0 3.977 3.252 7.23 7.228 7.23zm173.205-33.603v-.603c0-3.976-3.253-7.228-7.229-7.228h-20.12v-11.445h20.12c3.976 0 7.229-3.252 7.229-7.228v-.603c0-3.976-3.253-7.228-7.229-7.228h-27.952c-3.976 0-7.228 3.252-7.228 7.228v53.609c0 3.976 3.252 7.229 7.228 7.229h27.952c3.976 0 7.229-3.253 7.229-7.229v-.603c0-3.976-3.253-7.228-7.229-7.228h-20.12v-11.445h20.12c3.976.002 7.229-3.251 7.229-7.226zm-53.755 31.448l.002-.003a7.207 7.207 0 0 0 2.09-5.07v-53.609c0-3.976-3.252-7.228-7.229-7.228h-.603c-3.976 0-7.228 3.252-7.228 7.228v31.469l-26.126-35.042c-1.248-2.179-3.598-3.655-6.276-3.655h-.603c-3.976 0-7.229 3.252-7.229 7.228v53.609c0 3.976 3.252 7.229 7.229 7.229h.603c3.976 0 7.228-3.253 7.228-7.229v-32.058l26.314 35.941c.162.252.339.494.53.724l.001.002c.723.986 1.712 1.662 2.814 2.075.847.35 1.773.544 2.742.544h.603a7.162 7.162 0 0 0 3.377-.844c.723-.344 1.332-.788 1.761-1.311zm-71.208 2.155h.603c3.976 0 7.228-3.253 7.228-7.229v-53.609c0-3.976-3.252-7.228-7.228-7.228h-.603c-3.976 0-7.229 3.252-7.229 7.228v53.609c0 3.976 3.253 7.229 7.229 7.229z\"><\/path><\/svg><\/a><\/li>\r\n            <li class=\"jl_sli_mil jl_shli\"><a class=\"jl_sshm\" href=\"mailto:?subject=Est%C3%A2ncia%20Tur%C3%ADstica%20do%20Munic%C3%ADpio%20de%20Buritama%20celebra%20a%20conquista%20do%20Selo%20Bronze%20do%20Programa%20Facilita%20SP https%3A%2F%2Fburitama.sp.gov.br%2F%3Fp%3D28036\" target=\"_blank\" rel=\"nofollow\"><i class=\"jli-mail\"><\/i><\/a><\/li>\r\n        <\/ul>\r\n        <\/div>\r\n<\/div><\/div><\/span><\/span><\/span><\/span><\/span>                \r\n\t\t\t    <\/div>\r\n\t\t\t<\/div>\r\n\t\t<\/div>\r\n\t\t\t\t\t\t\t<div class=\"jl_clist_layout jl_lisep\">\r\n\t\t\t\t\t<div class=\"jl_li_in\">\r\n\t\t\t    \t\t\t        <div class=\"jl_img_holder\">\r\n\t\t\t\t        <div class=\"jl_imgw jl_radus_e\">\r\n\t\t\t\t            <div class=\"jl_imgin\">\r\n\t\t\t\t\t\t\t\t<img loading=\"lazy\" decoding=\"async\" width=\"600\" height=\"450\" src=\"https:\/\/buritama.sp.gov.br\/wp-content\/uploads\/2026\/08\/2e05ed9c-c597-4d15-ba3d-a9066c58c4c2-20x15.jpg\" class=\"attachment-wesper_list size-wesper_list jl-lazyload lazyload wp-post-image\" alt=\"\" data-src=\"https:\/\/buritama.sp.gov.br\/wp-content\/uploads\/2026\/08\/2e05ed9c-c597-4d15-ba3d-a9066c58c4c2-600x450.jpg\" \/>\t\t\t\t\t\t\t<\/div>\r\n\t\t\t\t            \t\t\t\t            \t\t\t\t            <a class=\"jl_imgl\" aria-label=\"Prefeitura de Buritama e Sebrae-SP alinham diretrizes para a\u00e7\u00f5es no munic\u00edpio\" href=\"https:\/\/buritama.sp.gov.br\/?p=27704\"><\/a>\r\n\t\t\t\t        <\/div> \r\n\t\t\t        <\/div> \r\n\t\t\t                                \r\n\t\t\t    <div class=\"jl_fe_text\">    \r\n\t\t\t        <span class=\"jl_f_cat jl_lb1\"><a class=\"jl_cat_txt jl_cat36\" href=\"https:\/\/buritama.sp.gov.br\/?cat=36\"><span>Administra\u00e7\u00e3o<\/span><\/a><a class=\"jl_cat_txt jl_cat1\" href=\"https:\/\/buritama.sp.gov.br\/?cat=1\"><span>Cultura<\/span><\/a><a class=\"jl_cat_txt jl_cat37\" href=\"https:\/\/buritama.sp.gov.br\/?cat=37\"><span>Destaque<\/span><\/a><a class=\"jl_cat_txt jl_cat117\" href=\"https:\/\/buritama.sp.gov.br\/?cat=117\"><span>Planejamento<\/span><\/a><a class=\"jl_cat_txt jl_cat40\" href=\"https:\/\/buritama.sp.gov.br\/?cat=40\"><span>Turismo<\/span><\/a><\/span>\t\t\t        <h3 class=\"jl_fe_title\"><a href=\"https:\/\/buritama.sp.gov.br\/?p=27704\">Prefeitura de Buritama e Sebrae-SP alinham diretrizes para a\u00e7\u00f5es no munic\u00edpio<\/a><\/h3>\r\n\t\t\t        <p class=\"jl_fe_des\">Reuni\u00e3o entre representantes da administra\u00e7\u00e3o municipal e da Associa\u00e7\u00e3o Comercial abordou planejamento para 2027. BURITAMA, SP &#8211; 12 de agosto &#8211;&nbsp;A administra\u00e7\u00e3o municipal... <\/p>\r\n\t\t\t        <span class=\"jl_post_meta\"><span class=\"jl_author_img_w\">By<a href=\"https:\/\/buritama.sp.gov.br\/?author=5\" rel=\"author\">Comunicacao Buritama<\/a><\/span><span class=\"post-date\">agosto 13, 2026<\/span><span class=\"jl_fot_share_i jl_share_l_bg jls_tooltip\"><i class=\"jli-sharethis\"><\/i><span class=\"jls_tooltip_w jls_tooltip-top\"><span class=\"jls_tooltiptext\"><span class=\"jls_tooltip_in\"><div class=\"post_sw\"><div class=\"post_s\">        <div class=\"jl_sli_w\">\r\n        <ul class=\"jl_sli_in\">\r\n            <li class=\"jl_sli_fb jl_shli\"><a class=\"jl_sshl\" href=\"http:\/\/www.facebook.com\/sharer.php?u=https%3A%2F%2Fburitama.sp.gov.br%2F%3Fp%3D27704\" rel=\"nofollow\"><i class=\"jli-facebook\"><\/i><span>Share<\/span><\/a><\/li>\r\n            <li class=\"jl_sli_tw jl_shli\"><a class=\"jl_sshl\" href=\"https:\/\/twitter.com\/intent\/tweet?text=Prefeitura%20de%20Buritama%20e%20Sebrae-SP%20alinham%20diretrizes%20para%20a%C3%A7%C3%B5es%20no%20munic%C3%ADpio&url=https%3A%2F%2Fburitama.sp.gov.br%2F%3Fp%3D27704\" rel=\"nofollow\"><svg fill=\"currentColor\" width=\"0.9em\" height=\"0.8em\" xmlns=\"http:\/\/www.w3.org\/2000\/svg\" shape-rendering=\"geometricPrecision\" text-rendering=\"geometricPrecision\" image-rendering=\"optimizeQuality\" fill-rule=\"evenodd\" clip-rule=\"evenodd\" viewBox=\"0 0 512 462.8\"><path fill-rule=\"nonzero\" d=\"M403.229 0h78.506L310.219 196.04 512 462.799H354.002L230.261 301.007 88.669 462.799h-78.56l183.455-209.683L0 0h161.999l111.856 147.88L403.229 0zm-27.556 415.805h43.505L138.363 44.527h-46.68l283.99 371.278z\"><\/path><\/svg><span>Tweet<\/span><\/a><\/li>\r\n            <li class=\"jl_sli_pi jl_shli\"><a class=\"jl_sshl\" href=\"http:\/\/pinterest.com\/pin\/create\/bookmarklet\/?url=https%3A%2F%2Fburitama.sp.gov.br%2F%3Fp%3D27704&media=https:\/\/buritama.sp.gov.br\/wp-content\/uploads\/2026\/08\/2e05ed9c-c597-4d15-ba3d-a9066c58c4c2.jpg\" rel=\"nofollow\"><i class=\"jli-pinterest\"><\/i><span>Pin<\/span><\/a><\/li>\r\n            <li class=\"jl_sli_din jl_shli\"><a class=\"jl_sshl\" href=\"http:\/\/www.linkedin.com\/shareArticle?url=https%3A%2F%2Fburitama.sp.gov.br%2F%3Fp%3D27704\" rel=\"nofollow\"><i class=\"jli-linkedin\"><\/i><\/a><\/li>\r\n            <li class=\"jl_sli_wapp jl_shli\"><a class=\"jl_sshl\" href=\"https:\/\/api.whatsapp.com\/send?text=https%3A%2F%2Fburitama.sp.gov.br%2F%3Fp%3D27704\" data-action=\"share\/whatsapp\/share\" rel=\"nofollow\"><i class=\"jli-whatsapp\"><\/i><\/a><\/li>\r\n            <li class=\"jl_sli_tele jl_shli\"><a class=\"jl_sshl\" href=\"https:\/\/t.me\/share\/url?url=https%3A%2F%2Fburitama.sp.gov.br%2F%3Fp%3D27704&title=Prefeitura%20de%20Buritama%20e%20Sebrae-SP%20alinham%20diretrizes%20para%20a%C3%A7%C3%B5es%20no%20munic%C3%ADpio\" rel=\"nofollow\"><i class=\"jli-telegram\"><\/i><\/a><\/li>        \r\n            <li class=\"jl_sli_tumblr jl_shli\"><a class=\"jl_sshl\" href=\"https:\/\/www.tumblr.com\/share\/link?url=https%3A%2F%2Fburitama.sp.gov.br%2F%3Fp%3D27704&name=Prefeitura%20de%20Buritama%20e%20Sebrae-SP%20alinham%20diretrizes%20para%20a%C3%A7%C3%B5es%20no%20munic%C3%ADpio\" rel=\"nofollow\"><i class=\"jli-tumblr\"><\/i><\/a><\/li>\r\n            <li class=\"jl_sli_line jl_shli\"><a class=\"jl_sshl\" href=\"https:\/\/social-plugins.line.me\/lineit\/share?url=https%3A%2F%2Fburitama.sp.gov.br%2F%3Fp%3D27704\" rel=\"nofollow\"><svg xmlns=\"http:\/\/www.w3.org\/2000\/svg\" viewBox=\"0 0 377.76 377.76\"><path class=\"line_bg_fill\" fill-rule=\"evenodd\" clip-rule=\"evenodd\" fill=\"#3ACE01\" d=\"M77.315 0h223.133c42.523 0 77.315 34.792 77.315 77.315v223.133c0 42.523-34.792 77.315-77.315 77.315H77.315C34.792 377.764 0 342.972 0 300.448V77.315C0 34.792 34.792 0 77.315 0z\"><\/path><path fill-rule=\"evenodd\" clip-rule=\"evenodd\" fill=\"#FFF\" d=\"M188.515 62.576c76.543 0 138.593 49.687 138.593 110.979 0 21.409-7.576 41.398-20.691 58.351-.649.965-1.497 2.031-2.566 3.209l-.081.088c-4.48 5.36-9.525 10.392-15.072 15.037-38.326 35.425-101.41 77.601-109.736 71.094-7.238-5.656 11.921-33.321-10.183-37.925-1.542-.177-3.08-.367-4.605-.583l-.029-.002v-.002c-64.921-9.223-114.222-54.634-114.222-109.267-.002-61.292 62.049-110.979 138.592-110.979z\"><\/path><path fill-rule=\"evenodd\" clip-rule=\"evenodd\" fill=\"#3ACE01\" d=\"M108.103 208.954h27.952c3.976 0 7.228-3.253 7.228-7.229v-.603c0-3.976-3.252-7.228-7.228-7.228h-20.121v-45.779c0-3.976-3.252-7.228-7.228-7.228h-.603c-3.976 0-7.228 3.252-7.228 7.228v53.609c0 3.977 3.252 7.23 7.228 7.23zm173.205-33.603v-.603c0-3.976-3.253-7.228-7.229-7.228h-20.12v-11.445h20.12c3.976 0 7.229-3.252 7.229-7.228v-.603c0-3.976-3.253-7.228-7.229-7.228h-27.952c-3.976 0-7.228 3.252-7.228 7.228v53.609c0 3.976 3.252 7.229 7.228 7.229h27.952c3.976 0 7.229-3.253 7.229-7.229v-.603c0-3.976-3.253-7.228-7.229-7.228h-20.12v-11.445h20.12c3.976.002 7.229-3.251 7.229-7.226zm-53.755 31.448l.002-.003a7.207 7.207 0 0 0 2.09-5.07v-53.609c0-3.976-3.252-7.228-7.229-7.228h-.603c-3.976 0-7.228 3.252-7.228 7.228v31.469l-26.126-35.042c-1.248-2.179-3.598-3.655-6.276-3.655h-.603c-3.976 0-7.229 3.252-7.229 7.228v53.609c0 3.976 3.252 7.229 7.229 7.229h.603c3.976 0 7.228-3.253 7.228-7.229v-32.058l26.314 35.941c.162.252.339.494.53.724l.001.002c.723.986 1.712 1.662 2.814 2.075.847.35 1.773.544 2.742.544h.603a7.162 7.162 0 0 0 3.377-.844c.723-.344 1.332-.788 1.761-1.311zm-71.208 2.155h.603c3.976 0 7.228-3.253 7.228-7.229v-53.609c0-3.976-3.252-7.228-7.228-7.228h-.603c-3.976 0-7.229 3.252-7.229 7.228v53.609c0 3.976 3.253 7.229 7.229 7.229z\"><\/path><\/svg><\/a><\/li>\r\n            <li class=\"jl_sli_mil jl_shli\"><a class=\"jl_sshm\" href=\"mailto:?subject=Prefeitura%20de%20Buritama%20e%20Sebrae-SP%20alinham%20diretrizes%20para%20a%C3%A7%C3%B5es%20no%20munic%C3%ADpio https%3A%2F%2Fburitama.sp.gov.br%2F%3Fp%3D27704\" target=\"_blank\" rel=\"nofollow\"><i class=\"jli-mail\"><\/i><\/a><\/li>\r\n        <\/ul>\r\n        <\/div>\r\n<\/div><\/div><\/span><\/span><\/span><\/span><\/span>                \r\n\t\t\t    <\/div>\r\n\t\t\t<\/div>\r\n\t\t<\/div>\r\n\t\t\t\t\t\t\t\t\t\t\t\t\r\n\t\t\t\t\t<\/div>\r\n\t\t\t\t\t\t\t\t<\/div>\r\n\t\t\t<\/div>\r\n\t\t<\/div>\r\n\t\t\t\t\t\t<\/div>\n\t\t\t\t<\/div>\n\t\t\t\t<\/div>\n\t\t\t\t\t<\/details>\n\t\t\t\t\t<\/div>\n\t\t\t\t\t\t<\/div>\n\t\t\t\t\t<\/div>\n\t\t\t\t<\/div>\n\t\t<div class=\"elementor-element elementor-element-39fe93b e-flex e-con-boxed e-con e-parent\" data-id=\"39fe93b\" data-element_type=\"container\" data-e-type=\"container\">\n\t\t\t\t\t<div class=\"e-con-inner\">\n\t\t\t\t<div class=\"elementor-element elementor-element-2e67dc8 elementor-widget-divider--view-line elementor-widget elementor-widget-divider\" data-id=\"2e67dc8\" data-element_type=\"widget\" data-e-type=\"widget\" data-widget_type=\"divider.default\">\n\t\t\t\t\t\t\t<div class=\"elementor-divider\">\n\t\t\t<span class=\"elementor-divider-separator\">\n\t\t\t\t\t\t<\/span>\n\t\t<\/div>\n\t\t\t\t\t\t<\/div>\n\t\t\t\t\t<\/div>\n\t\t\t\t<\/div>\n\t\t<div class=\"elementor-element elementor-element-ded235d e-flex e-con-boxed e-con e-parent\" data-id=\"ded235d\" data-element_type=\"container\" data-e-type=\"container\">\n\t\t\t\t\t<div class=\"e-con-inner\">\n\t\t\t\t\t<\/div>\n\t\t\t\t<\/div>\n\t\t<div class=\"elementor-element elementor-element-4d488fb e-flex e-con-boxed e-con e-parent\" data-id=\"4d488fb\" data-element_type=\"container\" data-e-type=\"container\">\n\t\t\t\t\t<div class=\"e-con-inner\">\n\t\t\t\t\t<\/div>\n\t\t\t\t<\/div>\n\t\t\t\t<\/div>\n\t\t","protected":false},"excerpt":{"rendered":"<p>Voltar Acesso R\u00e1pido PLANO DE CONTRATA\u00c7\u00c3O ANUAL \u00a0 Data Hora Status Descri\u00e7\u00e3o Arquivo 09\/01\/2024 10:00 Vigente Plano de Contrata\u00e7\u00e3o Anual, exerc\u00edcio 2024. \u00a0Download Not\u00edcias Administra\u00e7\u00e3oDesenvolvimento Econ\u00f4micoDestaquePlanejamento Empresas de Buritama podem participar da Miss\u00e3o SP Exporta 2026 no exterior Como Munic\u00edpio Global, a cidade incentiva a internacionaliza\u00e7\u00e3o de neg\u00f3cios locais nos mercados do Paraguai e da [&hellip;]<\/p>\n","protected":false},"author":1,"featured_media":0,"parent":0,"menu_order":0,"comment_status":"closed","ping_status":"closed","template":"elementor_header_footer","meta":{"footnotes":""},"class_list":["post-28258","page","type-page","status-publish","hentry"],"_links":{"self":[{"href":"https:\/\/buritama.sp.gov.br\/index.php?rest_route=\/wp\/v2\/pages\/28258","targetHints":{"allow":["GET"]}}],"collection":[{"href":"https:\/\/buritama.sp.gov.br\/index.php?rest_route=\/wp\/v2\/pages"}],"about":[{"href":"https:\/\/buritama.sp.gov.br\/index.php?rest_route=\/wp\/v2\/types\/page"}],"author":[{"embeddable":true,"href":"https:\/\/buritama.sp.gov.br\/index.php?rest_route=\/wp\/v2\/users\/1"}],"replies":[{"embeddable":true,"href":"https:\/\/buritama.sp.gov.br\/index.php?rest_route=%2Fwp%2Fv2%2Fcomments&post=28258"}],"version-history":[{"count":13,"href":"https:\/\/buritama.sp.gov.br\/index.php?rest_route=\/wp\/v2\/pages\/28258\/revisions"}],"predecessor-version":[{"id":28273,"href":"https:\/\/buritama.sp.gov.br\/index.php?rest_route=\/wp\/v2\/pages\/28258\/revisions\/28273"}],"wp:attachment":[{"href":"https:\/\/buritama.sp.gov.br\/index.php?rest_route=%2Fwp%2Fv2%2Fmedia&parent=28258"}],"curies":[{"name":"wp","href":"https:\/\/api.w.org\/{rel}","templated":true}]}}